{"id":111,"date":"2023-05-05T17:19:35","date_gmt":"2023-05-05T15:19:35","guid":{"rendered":"https:\/\/berninabrussels.be\/?page_id=111"},"modified":"2025-10-13T11:19:39","modified_gmt":"2025-10-13T09:19:39","slug":"newcontact","status":"publish","type":"page","link":"https:\/\/berninabrussels.be\/?page_id=111","title":{"rendered":"Contact"},"content":{"rendered":"\t\t<div data-elementor-type=\"wp-page\" data-elementor-id=\"111\" class=\"elementor elementor-111\">\n\t\t\t\t\t\t<section class=\"elementor-section elementor-top-section elementor-element elementor-element-166e657 elementor-section-boxed elementor-section-height-default elementor-section-height-default\" data-id=\"166e657\" data-element_type=\"section\" data-e-type=\"section\">\n\t\t\t\t\t\t<div class=\"elementor-container elementor-column-gap-default\">\n\t\t\t\t\t<div class=\"elementor-column elementor-col-100 elementor-top-column elementor-element elementor-element-1f4d5e9\" data-id=\"1f4d5e9\" data-element_type=\"column\" data-e-type=\"column\">\n\t\t\t<div class=\"elementor-widget-wrap elementor-element-populated\">\n\t\t\t\t\t\t<div class=\"elementor-element elementor-element-4018ee2 elementor-widget elementor-widget-html\" data-id=\"4018ee2\" data-element_type=\"widget\" data-e-type=\"widget\" data-widget_type=\"html.default\">\n\t\t\t\t<div class=\"elementor-widget-container\">\n\t\t\t\t\t<!-- CONTACT \u2013 Version Lite (sans iframe, compatible partout) -->\n<section id=\"contact-lite\" style=\"--bg:#f8fafc;--fg:#0f172a;--mut:#475569;--pri:#dc2626;--bd:#e2e8f0;font-family:system-ui,-apple-system,Segoe UI,Roboto,Helvetica,Arial;\">\n  <style>\n    #contact-lite{background:var(--bg);color:var(--fg);padding:28px;border:1px solid var(--bd);border-radius:16px;box-shadow:0 6px 18px rgba(2,6,23,.06)}\n    #contact-lite .grid{display:grid;gap:24px}\n    @media (min-width:960px){#contact-lite .grid{grid-template-columns:1.15fr .85fr}}\n    #contact-lite h1{margin:0 0 8px;font-size:clamp(24px,3vw,32px)}\n    #contact-lite h2{margin:18px 0 8px;font-size:clamp(18px,2.4vw,22px)}\n    #contact-lite p{margin:0 0 10px}\n    #contact-lite .card{background:#fff;border:1px solid var(--bd);border-radius:14px;padding:18px}\n    #contact-lite .row{display:flex;gap:12px;align-items:flex-start;margin:8px 0}\n    #contact-lite .row .ico{width:24px;flex:0 0 24px}\n    #contact-lite a{color:var(--pri);text-decoration:none}\n    #contact-lite a:hover{text-decoration:underline}\n    #contact-lite .cta{display:inline-block;margin-top:10px;padding:12px 16px;border-radius:12px;background:var(--pri);color:#fff;font-weight:700;text-decoration:none;border:2px solid var(--pri)}\n    #contact-lite .cta:hover{opacity:.95;transform:translateY(-1px)}\n    #contact-lite .note{color:var(--mut);font-size:14px;margin-top:6px}\n    #contact-lite .cols{display:grid;gap:12px}\n    @media (min-width:640px){#contact-lite .cols{grid-template-columns:1fr 1fr}}\n    #contact-lite .badge{display:inline-block;background:#fff;border:1px solid var(--bd);border-radius:999px;padding:6px 10px;margin-right:6px;font-weight:600}\n    #contact-lite .btn{display:inline-block;margin-top:8px;padding:10px 12px;border-radius:10px;border:1px solid var(--bd);background:#fff}\n  <\/style>\n\n  <!-- FR -->\n  <div class=\"grid\" lang=\"fr\">\n    <div class=\"card\">\n      <h1>Contact & horaires<\/h1>\n      <p>\u00c9crivez-nous pour une question, une r\u00e9paration ou une d\u00e9monstration (familiale, surjeteuse, brodeuse ou industrielle).<\/p>\n\n      <div class=\"row\"><div class=\"ico\">\ud83d\udce7<\/div><div>\n        <a href=\"mailto:olivier.bruynincx@gmail.com\">olivier.bruynincx@gmail.com<\/a>\n        <div class=\"note\">Pour une d\u00e9mo, indiquez 2\u20133 mod\u00e8les + le lieu (Ixelles ou Sterrebeek).<\/div>\n      <\/div><\/div>\n\n      <div class=\"row\"><div class=\"ico\">\u260e\ufe0f<\/div><div><a href=\"tel:+3225119259\">02 511 92 59<\/a><\/div><\/div>\n\n      <h2>Horaires<\/h2>\n      <div class=\"cols\">\n        <div>\n          <div class=\"badge\">Ixelles<\/div>\n          <p><b>Mardi \u2192 Samedi<\/b><br><b>11:00\u201313:30<\/b> & <b>14:00\u201318:00<\/b><\/p>\n          <p class=\"note\">Acc\u00e8s libre pendant les heures d\u2019ouverture.<\/p>\n        <\/div>\n        <div>\n          <div class=\"badge\">Sterrebeek<\/div>\n          <p><b>Lundi \u2192 Samedi<\/b><br><b>14:00\u201318:00<\/b> \u2022 <i>uniquement sur rendez-vous<\/i><\/p>\n          <p class=\"note\">D\u00e9mos: familiales, surjeteuses, b\n\t\t\t\t<\/div>\n\t\t\t\t<\/div>\n\t\t\t\t\t<\/div>\n\t\t<\/div>\n\t\t\t\t\t<\/div>\n\t\t<\/section>\n\t\t\t\t<section class=\"elementor-section elementor-top-section elementor-element elementor-element-abad174 elementor-section-boxed elementor-section-height-default elementor-section-height-default\" data-id=\"abad174\" data-element_type=\"section\" data-e-type=\"section\">\n\t\t\t\t\t\t<div class=\"elementor-container elementor-column-gap-default\">\n\t\t\t\t\t<div class=\"elementor-column elementor-col-100 elementor-top-column elementor-element elementor-element-c8d7e0c\" data-id=\"c8d7e0c\" data-element_type=\"column\" data-e-type=\"column\">\n\t\t\t<div class=\"elementor-widget-wrap elementor-element-populated\">\n\t\t\t\t\t\t<div class=\"elementor-element elementor-element-675d71d elementor-widget elementor-widget-html\" data-id=\"675d71d\" data-element_type=\"widget\" data-e-type=\"widget\" data-widget_type=\"html.default\">\n\t\t\t\t<div class=\"elementor-widget-container\">\n\t\t\t\t\t<section id=\"contact-form-lite\" style=\"--bd:#e2e8f0;--pri:#dc2626;--fg:#0f172a;font-family:system-ui,-apple-system,Segoe UI,Roboto,Arial\">\n  <style>\n    #contact-form-lite form{background:#fff;border:1px solid var(--bd);border-radius:14px;padding:20px;box-shadow:0 6px 18px rgba(2,6,23,.06)}\n    #contact-form-lite h3{margin:0 0 12px;font-size:22px}\n    #contact-form-lite label{display:block;margin:10px 0 6px;font-weight:600}\n    #contact-form-lite input, #contact-form-lite select, #contact-form-lite textarea{width:100%;border:1px solid var(--bd);border-radius:10px;padding:10px}\n    #contact-form-lite textarea{min-height:120px}\n    #contact-form-lite .row{display:grid;gap:12px}\n    @media(min-width:640px){#contact-form-lite .row{grid-template-columns:1fr 1fr}}\n    #contact-form-lite button{background:var(--pri);border:2px solid var(--pri);color:#fff;border-radius:12px;padding:12px 16px;font-weight:700;cursor:pointer}\n    #contact-form-lite button:hover{opacity:.95;transform:translateY(-1px)}\n  <\/style>\n\n  <form id=\"mailToForm\" onsubmit=\"\n    event.preventDefault();\n    const f=this;\n    const esc = s=>encodeURIComponent(s||'');\n    const body = \n`Nom \/ Naam: ${f.name.value}\nEmail: ${f.email.value}\nT\u00e9l\u00e9phone \/ Telefoon: ${f.phone.value}\n\nType: ${f.type.value}\nLieu \/ Locatie: ${f.location.value}\nDate\/Heure pr\u00e9f\u00e9r\u00e9e: ${f.date.value} ${f.time.value}\nMod\u00e8les: ${f.models.value}\n\nMessage:\n${f.message.value}\n\nConsentement: ${f.consent.checked ? 'Oui\/Oui' : 'Non\/Nee'}`;\n    const href = `mailto:olivier.bruynincx@gmail.com?subject=${esc('[Bernina Contact] ' + f.type.value + ' \u2014 ' + f.location.value + ' \u2014 ' + f.name.value)}&body=${esc(body)}`;\n    window.location.href = href;\n  \">\n    <h3>\ud83d\udce9 Contact \/ Contact<\/h3>\n\n    <label>Nom \/ Naam *<\/label>\n    <input name=\"name\" required placeholder=\"Votre nom \/ Uw naam\">\n\n    <div class=\"row\">\n      <div>\n        <label>E-mail *<\/label>\n        <input name=\"email\" type=\"email\" required placeholder=\"votre@email.com\">\n      <\/div>\n      <div>\n        <label>T\u00e9l\u00e9phone \/ Telefoon<\/label>\n        <input name=\"phone\" type=\"tel\" placeholder=\"+32 ...\">\n      <\/div>\n    <\/div>\n\n    <div class=\"row\">\n      <div>\n        <label>Type de demande \/ Aanvraagtype *<\/label>\n        <select name=\"type\" required>\n          <option value=\"\" selected disabled>Choisir \/ Kies<\/option>\n          <option>Informations \/ Informatie<\/option>\n          <option>R\u00e9paration \/ Herstelling<\/option>\n          <option>D\u00e9monstration \/ Demonstratie<\/option>\n        <\/select>\n      <\/div>\n      <div>\n        <label>Lieu \/ Locatie *<\/label>\n        <select name=\"location\" required>\n          <option value=\"\" selected disabled>Choisir \/ Kies<\/option>\n          <option>Ixelles \/ Elsene<\/option>\n          <option>Sterrebeek<\/option>\n        <\/select>\n      <\/div>\n    <\/div>\n\n    <div class=\"row\">\n      <div>\n        <label>Pr\u00e9f\u00e9rence de date \/ Datum voorkeur<\/label>\n        <input name=\"date\" type=\"date\">\n      <\/div>\n      <div>\n        <label>Heure \/ Tijd<\/label>\n        <input name=\"time\" type=\"time\">\n      <\/div>\n    <\/div>\n\n    <label>Mod\u00e8les \u00e0 voir (2\u20133) \/ Te tonen modellen (2\u20133)<\/label>\n    <input name=\"models\" placeholder=\"ex. BERNINA 480, bernette 64 AIRLOCK\">\n\n    <label>Message *<\/label>\n    <textarea name=\"message\" required placeholder=\"Votre message \/ Uw bericht\"><\/textarea>\n\n    <label style=\"display:flex;gap:8px;align-items:center;margin:10px 0\">\n      <input type=\"checkbox\" name=\"consent\" required>\n      <span>J\u2019accepte \/ Ik ga akkoord (RGPD).<\/span>\n    <\/label>\n\n    <button type=\"submit\">Envoyer \/ Verzenden<\/button>\n  <\/form>\n<\/section>\n\t\t\t\t<\/div>\n\t\t\t\t<\/div>\n\t\t\t\t\t<\/div>\n\t\t<\/div>\n\t\t\t\t\t<\/div>\n\t\t<\/section>\n\t\t\t\t<section class=\"elementor-section elementor-top-section elementor-element elementor-element-ee15d41 elementor-section-boxed elementor-section-height-default elementor-section-height-default\" data-id=\"ee15d41\" data-element_type=\"section\" data-e-type=\"section\">\n\t\t\t\t\t\t<div class=\"elementor-container elementor-column-gap-default\">\n\t\t\t\t\t<div class=\"elementor-column elementor-col-100 elementor-top-column elementor-element elementor-element-d38430c\" data-id=\"d38430c\" data-element_type=\"column\" data-e-type=\"column\">\n\t\t\t<div class=\"elementor-widget-wrap elementor-element-populated\">\n\t\t\t\t\t\t<div class=\"elementor-element elementor-element-db6b299 elementor-widget elementor-widget-html\" data-id=\"db6b299\" data-element_type=\"widget\" data-e-type=\"widget\" data-widget_type=\"html.default\">\n\t\t\t\t<div class=\"elementor-widget-container\">\n\t\t\t\t\t<div class=\"mapcard\">\n  <iframe\n    src=\"https:\/\/www.google.com\/maps?q=Chauss%C3%A9e%20d%27Ixelles%20143%2C%201050%20Bruxelles&output=embed\"\n    width=\"100%\" height=\"320\" style=\"border:0;border-radius:12px\"\n    allowfullscreen=\"\" loading=\"lazy\" referrerpolicy=\"no-referrer-when-downgrade\"\n    data-no-optimize=\"1\"><\/iframe>\n  <p><a class=\"btn\" href=\"https:\/\/maps.google.com\/?q=Chauss%C3%A9e%20d%27Ixelles%20143%2C%201050%20Bruxelles\" target=\"_blank\" rel=\"noopener\">Ouvrir dans Google&nbsp;Maps<\/a><\/p>\n<\/div>\n\t\t\t\t<\/div>\n\t\t\t\t<\/div>\n\t\t\t\t\t<\/div>\n\t\t<\/div>\n\t\t\t\t\t<\/div>\n\t\t<\/section>\n\t\t\t\t<section class=\"elementor-section elementor-top-section elementor-element elementor-element-8e65e32 elementor-section-boxed elementor-section-height-default elementor-section-height-default\" data-id=\"8e65e32\" data-element_type=\"section\" data-e-type=\"section\">\n\t\t\t\t\t\t<div class=\"elementor-container elementor-column-gap-default\">\n\t\t\t\t\t<div class=\"elementor-column elementor-col-100 elementor-top-column elementor-element elementor-element-415f4c2\" data-id=\"415f4c2\" data-element_type=\"column\" data-e-type=\"column\">\n\t\t\t<div class=\"elementor-widget-wrap elementor-element-populated\">\n\t\t\t\t\t\t<div class=\"elementor-element elementor-element-2f04675 elementor-widget elementor-widget-text-editor\" data-id=\"2f04675\" data-element_type=\"widget\" data-e-type=\"widget\" data-widget_type=\"text-editor.default\">\n\t\t\t\t<div class=\"elementor-widget-container\">\n\t\t\t\t\t\t\t\t\t<p>Magasin \/ winkel Sterrebeek<\/p>\t\t\t\t\t\t\t\t<\/div>\n\t\t\t\t<\/div>\n\t\t\t\t<div class=\"elementor-element elementor-element-c184d25 elementor-widget elementor-widget-html\" data-id=\"c184d25\" data-element_type=\"widget\" data-e-type=\"widget\" data-widget_type=\"html.default\">\n\t\t\t\t<div class=\"elementor-widget-container\">\n\t\t\t\t\t<div class=\"mapcard\">\n  <iframe\n    src=\"https:\/\/www.google.com\/maps?q=Tramlaan%20133%2C%201933%20Sterrebeek&output=embed\"\n    width=\"100%\" height=\"320\" style=\"border:0;border-radius:12px\"\n    allowfullscreen=\"\" loading=\"lazy\" referrerpolicy=\"no-referrer-when-downgrade\"\n    data-no-optimize=\"1\"><\/iframe>\n  <p><a class=\"btn\" href=\"https:\/\/maps.google.com\/?q=Tramlaan%20133%2C%201933%20Sterrebeek\" target=\"_blank\" rel=\"noopener\">Ouvrir dans Google&nbsp;Maps<\/a><\/p>\n<\/div>\n\t\t\t\t<\/div>\n\t\t\t\t<\/div>\n\t\t\t\t<div class=\"elementor-element elementor-element-7558ad3 elementor-widget elementor-widget-html\" data-id=\"7558ad3\" data-element_type=\"widget\" data-e-type=\"widget\" data-widget_type=\"html.default\">\n\t\t\t\t<div class=\"elementor-widget-container\">\n\t\t\t\t\t<section id=\"faq-contact\" style=\"--fg:#0f172a;--bd:#e2e8f0;--mut:#475569;--pri:#dc2626;font-family:system-ui,-apple-system,Segoe UI,Roboto,Arial\">\n  <style>\n    #faq-contact{margin-top:24px}\n    #faq-contact h2{font-size:22px;margin:0 0 10px}\n    #faq-contact details{border:1px solid var(--bd);border-radius:12px;padding:12px 14px;margin:10px 0;background:#fff}\n    #faq-contact summary{cursor:pointer;font-weight:700}\n    #faq-contact p{margin:10px 0 0;color:var(--fg)}\n    #faq-contact .muted{color:var(--mut)}\n    #faq-contact .badge{display:inline-block;background:#fff;border:1px solid var(--bd);border-radius:999px;padding:4px 10px;margin-right:6px;font-weight:600}\n  <\/style>\n\n  <!-- FR -->\n  <div lang=\"fr\">\n    <h2>\u2753 FAQ<\/h2>\n\n    <details>\n      <summary>Quels sont vos horaires \u00e0 Ixelles et \u00e0 Sterrebeek&nbsp;?<\/summary>\n      <p><span class=\"badge\">Ixelles<\/span> Mardi \u2192 Samedi : <b>11:00\u201313:30<\/b> & <b>14:00\u201318:00<\/b> (acc\u00e8s libre).<\/p>\n      <p><span class=\"badge\">Sterrebeek<\/span> Lundi \u2192 Samedi : <b>14:00\u201318:00<\/b> (<i>uniquement sur rendez-vous<\/i>).<\/p>\n    <\/details>\n\n    <details>\n      <summary>O\u00f9 puis-je me garer&nbsp;?<\/summary>\n      <p><span class=\"badge\">Sterrebeek<\/span> <b>3 places de parking juste en face du magasin<\/b> \u2014 un \u00e9norme avantage pour transporter des machines \u00e0 coudre lourdes.<\/p>\n      <p><span class=\"badge\">Ixelles<\/span> Stationnement urbain (conseill\u00e9 : venir d\u00e9poser\/charger en dehors des heures de pointe).<\/p>\n    <\/details>\n\n    <details>\n      <summary>Proposez-vous des d\u00e9monstrations personnalis\u00e9es&nbsp;?<\/summary>\n      <p>Oui. Envoyez un e-mail \u00e0 <a href=\"mailto:olivier.bruynincx@gmail.com\">olivier.bruynincx@gmail.com<\/a> avec <b>2\u20133 mod\u00e8les<\/b> souhait\u00e9s et le <b>lieu<\/b> (Ixelles\/Sterrebeek). On pr\u00e9pare les machines (familiales, surjeteuses, brodeuses, <b>industrielles<\/b>).<\/p>\n    <\/details>\n\n    <details>\n      <summary>Faites-vous les r\u00e9parations toutes marques&nbsp;?<\/summary>\n      <p>Oui, d\u00e9p\u00f4t\/ reprise en boutique. D\u00e9crivez le mod\u00e8le et le sympt\u00f4me pour acc\u00e9l\u00e9rer le diagnostic.<\/p>\n    <\/details>\n\n    <details>\n      <summary>Acc\u00e8s en transports en commun&nbsp;?<\/summary>\n      <p><span class=\"badge\">Ixelles<\/span> STIB bus\/tram \u00e0 proximit\u00e9 (Chauss\u00e9e d\u2019Ixelles 143).<\/p>\n      <p><span class=\"badge\">Sterrebeek<\/span> De Lijn ; m\u00e9tro <i>Kraainem<\/i> + bus vers Sterrebeek.<\/p>\n    <\/details>\n  <\/div>\n\n  <!-- NL -->\n  <div lang=\"nl\" style=\"margin-top:16px\">\n    <h2>\u2753 FAQ (NL)<\/h2>\n\n    <details>\n      <summary>Wat zijn de openingsuren in Elsene en Sterrebeek?<\/summary>\n      <p><span class=\"badge\">Elsene<\/span> Dinsdag \u2192 Zaterdag: <b>11:00\u201313:30<\/b> & <b>14:00\u201318:00<\/b> (vrije toegang).<\/p>\n      <p><span class=\"badge\">Sterrebeek<\/span> Maandag \u2192 Zaterdag: <b>14:00\u201318:00<\/b> (<i>enkel op afspraak<\/i>).<\/p>\n    <\/details>\n\n    <details>\n      <summary>Waar kan ik parkeren?<\/summary>\n      <p><span class=\"badge\">Sterrebeek<\/span> <b>3 parkeerplaatsen recht voor de winkel<\/b> \u2014 ideaal voor zware naaimachines.<\/p>\n      <p><span class=\"badge\">Elsene<\/span> Stedelijk parkeren (tip: laden\/lossen buiten de spits).<\/p>\n    <\/details>\n\n    <details>\n      <summary>Bieden jullie persoonlijke demonstraties aan?<\/summary>\n      <p>Ja. Mail naar <a href=\"mailto:olivier.bruynincx@gmail.com\">olivier.bruynincx@gmail.com<\/a> met <b>2\u20133 modellen<\/b> en de <b>locatie<\/b> (Elsene\/Sterrebeek). We zetten de toestellen klaar (huishoud, overlock, borduren, <b>industrieel<\/b>).<\/p>\n    <\/details>\n\n    <details>\n      <summary>Doen jullie herstellingen van alle merken?<\/summary>\n      <p>Ja, afgifte\/afhaling in de winkel. Geef model en symptoom door voor snellere diagnose.<\/p>\n    <\/details>\n\n    <details>\n      <summary>Bereikbaarheid met het openbaar vervoer?<\/summary>\n      <p><span class=\"badge\">Elsene<\/span> STIB tram\/bus in de buurt (Elsensesteenweg 143).<\/p>\n      <p><span class=\"badge\">Sterrebeek<\/span> De Lijn; metro <i>Kraainem<\/i> + bus richting Sterrebeek.<\/p>\n    <\/details>\n  <\/div>\n<\/section>\n\t\t\t\t<\/div>\n\t\t\t\t<\/div>\n\t\t\t\t\t<\/div>\n\t\t<\/div>\n\t\t\t\t\t<\/div>\n\t\t<\/section>\n\t\t\t\t<\/div>\n\t\t","protected":false},"excerpt":{"rendered":"<p>Contact &#038; horaires \u00c9crivez-nous pour une question, une r\u00e9paration ou une d\u00e9monstration (familiale, surjeteuse, brodeuse ou industrielle). \ud83d\udce7 olivier.bruynincx@gmail.com Pour une d\u00e9mo, indiquez 2\u20133 mod\u00e8les + le lieu (Ixelles ou Sterrebeek). \u260e\ufe0f02 511 92 59 Horaires Ixelles Mardi \u2192 Samedi11:00\u201313:30 &#038; 14:00\u201318:00 Acc\u00e8s libre pendant les heures d\u2019ouverture. Sterrebeek Lundi \u2192 Samedi14:00\u201318:00 \u2022 uniquement sur&hellip;<\/p>\n","protected":false},"author":1,"featured_media":0,"parent":0,"menu_order":0,"comment_status":"closed","ping_status":"closed","template":"","meta":{"om_disable_all_campaigns":false,"_monsterinsights_skip_tracking":false,"_monsterinsights_sitenote_active":false,"_monsterinsights_sitenote_note":"","_monsterinsights_sitenote_category":0,"_uf_show_specific_survey":0,"_uf_disable_surveys":false,"footnotes":""},"class_list":["post-111","page","type-page","status-publish","hentry"],"aioseo_notices":[],"jetpack_sharing_enabled":true,"_links":{"self":[{"href":"https:\/\/berninabrussels.be\/index.php?rest_route=\/wp\/v2\/pages\/111","targetHints":{"allow":["GET"]}}],"collection":[{"href":"https:\/\/berninabrussels.be\/index.php?rest_route=\/wp\/v2\/pages"}],"about":[{"href":"https:\/\/berninabrussels.be\/index.php?rest_route=\/wp\/v2\/types\/page"}],"author":[{"embeddable":true,"href":"https:\/\/berninabrussels.be\/index.php?rest_route=\/wp\/v2\/users\/1"}],"replies":[{"embeddable":true,"href":"https:\/\/berninabrussels.be\/index.php?rest_route=%2Fwp%2Fv2%2Fcomments&post=111"}],"version-history":[{"count":98,"href":"https:\/\/berninabrussels.be\/index.php?rest_route=\/wp\/v2\/pages\/111\/revisions"}],"predecessor-version":[{"id":3194,"href":"https:\/\/berninabrussels.be\/index.php?rest_route=\/wp\/v2\/pages\/111\/revisions\/3194"}],"wp:attachment":[{"href":"https:\/\/berninabrussels.be\/index.php?rest_route=%2Fwp%2Fv2%2Fmedia&parent=111"}],"curies":[{"name":"wp","href":"https:\/\/api.w.org\/{rel}","templated":true}]}}